{"id":102,"date":"2017-06-21T14:57:48","date_gmt":"2017-06-21T12:57:48","guid":{"rendered":"https:\/\/www.colohrumhaar.de\/?page_id=102"},"modified":"2018-06-08T18:41:08","modified_gmt":"2018-06-08T16:41:08","slug":"impressum","status":"publish","type":"page","link":"https:\/\/www.colohrumhaar.de\/index.php\/impressum\/","title":{"rendered":"Datenschutz &#038; Impressum"},"content":{"rendered":"\t\t<section   class=\"section content color-palette-2 separator-none\" style=\"\">\n\t\t\t<div class=\"section-inner\">\n\n\t\t\t\t\t\t\t\t<div class=\"wrapper\">\n\t\t\t\t\t\n\t\t<div class=\"vp-spacer vp-mode-default\" style=\"padding-top: 50px;\"><\/div>\n\t\t\n<p><span style=\"font-weight: 400;\">Friseur<br \/>\n<\/span><span style=\"font-weight: 400;\">Colohrum Haar<br \/>\n<\/span><span style=\"font-weight: 400;\">Inh. Heike Lohrum<\/span><\/p>\n<p><span style=\"font-weight: 400;\">Bendorfer Stra\u00dfe 43<br \/>\n<\/span><span style=\"font-weight: 400;\">56566 Neuwied<\/span><\/p>\n<p><span style=\"font-weight: 400;\">Kontakt<br \/>\n<\/span><span style=\"font-weight: 400;\">Telefon: 02622\/887306<br \/>\n<\/span><span style=\"font-weight: 400;\">Telefax: 02622\/887346<br \/>\n<\/span><span style=\"font-weight: 400;\">E-Mail: colohrum-haar@t-online.de<\/span><\/p>\n<p><span style=\"font-weight: 400;\">Registereintrag<br \/>\n<\/span><span style=\"font-weight: 400;\">Eintrag in Handwerkskammer Koblenz<\/span><\/p>\n<p><span style=\"font-weight: 400;\">Umsatzsteuer-ID<br \/>\n<\/span><span style=\"font-weight: 400;\">32\/106\/5869\/5<\/span><\/p>\n<p><span style=\"font-weight: 400;\">Aufsichtsbeh\u00f6rde<br \/>\n<\/span><span style=\"font-weight: 400;\">Finanzamt Neuwied<br \/>\n<\/span><span style=\"font-weight: 400;\">Handwerkskammer Koblenz<\/span><\/p>\n<h2><span style=\"font-weight: 400;\">Haftungsausschluss<\/span><\/h2>\n<h3><span style=\"font-weight: 400;\">Haftung f\u00fcr Inhalte<\/span><\/h3>\n<p><span style=\"font-weight: 400;\">Als Dienstanbieter sind wir gem\u00e4\u00df \u00a77 Abs.1 TMG f\u00fcr eigene Inhalte auf diesen Seiten nach dem allgemeinen Gesetzen verantwortlich. Nach \u00a78 bis 10 TMG sind wir als Dienstanbieter jedoch nicht verpflichtet, \u00fcbermittelte oder gespeicherte fremde Informationen zu \u00fcberwachen oder nach Umst\u00e4nden zu forschen, die auf eine rechtswidrige T\u00e4tigkeit hinweisen. Verpflichtungen zur Entfernung oder Sperrung der Nutzung von Informationen nach dem Allgemeinen Gesetzen bleiben hiervon unber\u00fchrt. eine diesbez\u00fcgliche Haftung ist jedoch erst ab dem Zeitpunkt der Kenntnis einer konkreten Rechtsverletzung m\u00f6glich. Bei Bekanntwerden von entsprechenden Rechtsverletzungen werden wir diese Inhalte umgehend entfernen.<\/span><\/p>\n<h3><span style=\"font-weight: 400;\">Haftung f\u00fcr Links<\/span><\/h3>\n<p><span style=\"font-weight: 400;\">Unser Angebot enth\u00e4lt Links zu externen Webseiten Dritter, auf deren Inhalte wie keinen Einfluss haben. Deshalb k\u00f6nnen wir f\u00fcr diese fremden Inhalte auch keine Gew\u00e4hr \u00fcbernehmen. F\u00fcr die Inhalte der verlinkten Seiten ist stets der Jeweilige Anbieter oder Betreiber der Seiten verantwortlich. Die verlinkten Seiten wurden zum Zeitpunkt der Verlinkung auf m\u00f6gliche Rechtsverst\u00f6\u00dfe \u00fcberpr\u00fcft. Rechtswidrige Inhalte waren zum Zeitpunkt der Verlinkung nicht erkennbar. Eine permanente inhaltliche Kontrolle der verlinkten Seiten ist jedoch ohne konkrete Anhaltspunkte einer Rechtsverletzung nicht zumutbar. Bei Bekanntwerden von Rechtsverletzungen werden wir derartige Links umgehend entfernt.<\/span><\/p>\n<h3><span style=\"font-weight: 400;\">Urheberecht<\/span><\/h3>\n<p><span style=\"font-weight: 400;\">Die durch die Seitenbetreiber erstellten Inhalte und Werke auf diesen Seiten unterliegen dem deutschen Urheberrecht. Die Vervielf\u00e4ltigung, Bearbeitung, Verbreitung und jede Art von Verwertung au\u00dferhalb der Grenzen des Urheberrechtes bed\u00fcrfen der schriftlichen Zustimmung des jeweiligen Autors bzw. Erstellers. Downloads und Kopien dieser Seiten sind nur f\u00fcr den privaten, nicht kommerziellen Gebrauch gestattet. Soweit die Inhalte auf dieser Seite nicht vom Betreiber erstellt wurden, werden die Urheberrechte Dritter beachtet. Insbesondere werden Inhalte Dritter als solche gekennzeichnet werden. Sollten sie trotzdem auf eine Urheberrechtsverletzung aufmerksam werden, bitten wir um einen entsprechenden Hinweis. Bei Bekanntwerden von Rechtsverletzungen werden wir derartige Inhalte umgehend entfernt.<\/span><\/p>\n<h2>Datenschutzerkl\u00e4rung<\/h2>\n<p>Die Nutzung unserer Seite ist ohne eine Angabe von personenbezogenen Daten m\u00f6glich. F\u00fcr die Nutzung einzelner Services unserer Seite k\u00f6nnen sich hierf\u00fcr abweichende Regelungen ergeben, die in diesem Falle nachstehend gesondert erl\u00e4utert werden. Ihre personenbezogenen Daten (z.B. Name, Anschrift, E-Mail, Telefonnummer, u.\u00e4.) werden von uns nur gem\u00e4\u00df den Bestimmungen des deutschen Datenschutzrechts verarbeitet. Daten sind dann personenbezogen, wenn sie eindeutig einer bestimmten nat\u00fcrlichen Person zugeordnet werden k\u00f6nnen. Die rechtlichen Grundlagen des Datenschutzes finden Sie im Bundesdatenschutzgesetz (BDSG) und dem Telemediengesetz (TMG).<\/p>\n<p>Nachstehende Regelungen informieren Sie insoweit \u00fcber die Art, den Umfang und Zweck der Erhebung, die Nutzung und die Verarbeitung von personenbezogenen Daten durch den Anbieter<\/p>\n<p>Friseur<br \/>\nColohrum Haar<br \/>\nInh. Heike Lohrum<br \/>\nBendorfer Stra\u00dfe 43<br \/>\n56566 Neuwied<\/p>\n<p>Wir weisen darauf hin, dass die internetbasierte Daten\u00fcbertragung Sicherheitsl\u00fccken aufweist, ein l\u00fcckenloser Schutz vor Zugriffen durch Dritte somit unm\u00f6glich ist.<\/p>\n<p>&nbsp;<\/p>\n<h3>Server-Log-Dateien<\/h3>\n<p>In Server-Log-Dateien erhebt und speichert der Provider der Website automatisch Informationen, die Ihr Browser automatisch an uns \u00fcbermittelt.<\/p>\n<p>Dies sind:<\/p>\n<ul>\n<li>Browsertyp und Browserversion<\/li>\n<li>Verwendetes Betriebssystem<\/li>\n<li>Referrer URL<\/li>\n<li>Hostname des zugreifenden Rechners<\/li>\n<li>Uhrzeit der Serveranfrage<\/li>\n<li>IP-Adresse<\/li>\n<\/ul>\n<p>Es findet keine Zusammenf\u00fchrung dieser Daten mit anderen Datenquellen statt. Grundlage der Datenverarbeitung bildet Art. 6 Abs. 1 lit. b DSGVO, der die Verarbeitung von Daten zur Erf\u00fcllung eines Vertrags oder vorvertraglicher Ma\u00dfnahmen gestattet.<\/p>\n<h2>Datenerfassung auf der Website<\/h2>\n<h3>\nOnline Terminbuchung<\/h3>\n<p>Wir bieten Ihnen die M\u00f6glichkeit, Termine bei uns bequem online buchen zu k\u00f6nnen. Dieser Dienst wird uns von nDevor Systems Limited, 9 Anglesea Mills, Anglesea Row, Dublin 7, in Irland zur Verf\u00fcgung gestellt. Bei der Online-Buchung erfassen wir Ihren Namen, Ihre E-Mail-Adresse und Mobilfunknummer. Durch T\u00e4tigung einer Online-Buchung werden Sie als Kunde von uns sicher und verschl\u00fcsselt gespeichert in unserer Salon-Management-Software von Phorest. Sollten Sie unsere Dienstleistungen l\u00e4nger als 36 Monate nicht in Anspruch nehmen, l\u00f6schen wir Ihre Daten in derselben Nacht, wenn der Zeitpunkt erreicht ist.<\/p>\n<p>Sie erhalten als Service eventuell Best\u00e4tigungs- und Erinnerungsnachrichten an Ihre angegebenen Kontaktdaten. Wir werden Ihnen aber keine Werbung zukommen lassen, solange Sie nicht wirklich im Salon Ihre Leistung in Anspruch genommen haben und Sie pers\u00f6nlich nach Zustimmung zu Werbema\u00dfnahmen fragen.<\/p>\n<p>Sie k\u00f6nnen uns jederzeit fragen, welche Daten wir von Ihnen gespeichert haben und diese auf Wunsch auch l\u00f6schen lassen.<\/p>\n<p>&nbsp;<\/p>\n\t\t<div class=\"vp-spacer vp-mode-default\" style=\"padding-top: 100px;\"><\/div>\n\t\t\n\t\t\t\t<\/div>\n\t\t\t\t\n\t\t\t<\/div>\n\t\t<\/section>\n\t\t\n","protected":false},"excerpt":{"rendered":"","protected":false},"author":1,"featured_media":0,"parent":0,"menu_order":0,"comment_status":"closed","ping_status":"closed","template":"page-template-multi-sections.php","meta":[],"_links":{"self":[{"href":"https:\/\/www.colohrumhaar.de\/index.php\/wp-json\/wp\/v2\/pages\/102"}],"collection":[{"href":"https:\/\/www.colohrumhaar.de\/index.php\/wp-json\/wp\/v2\/pages"}],"about":[{"href":"https:\/\/www.colohrumhaar.de\/index.php\/wp-json\/wp\/v2\/types\/page"}],"author":[{"embeddable":true,"href":"https:\/\/www.colohrumhaar.de\/index.php\/wp-json\/wp\/v2\/users\/1"}],"replies":[{"embeddable":true,"href":"https:\/\/www.colohrumhaar.de\/index.php\/wp-json\/wp\/v2\/comments?post=102"}],"version-history":[{"count":8,"href":"https:\/\/www.colohrumhaar.de\/index.php\/wp-json\/wp\/v2\/pages\/102\/revisions"}],"predecessor-version":[{"id":238,"href":"https:\/\/www.colohrumhaar.de\/index.php\/wp-json\/wp\/v2\/pages\/102\/revisions\/238"}],"wp:attachment":[{"href":"https:\/\/www.colohrumhaar.de\/index.php\/wp-json\/wp\/v2\/media?parent=102"}],"curies":[{"name":"wp","href":"https:\/\/api.w.org\/{rel}","templated":true}]}}